{"id":13,"date":"2023-04-28T19:11:21","date_gmt":"2023-04-28T19:11:21","guid":{"rendered":"https:\/\/www.lainter.edu.mx\/egresados\/?page_id=13"},"modified":"2025-08-20T19:13:31","modified_gmt":"2025-08-20T19:13:31","slug":"egresados","status":"publish","type":"page","link":"https:\/\/www.lainter.edu.mx\/egresados\/","title":{"rendered":"Egresados"},"content":{"rendered":"\n<p><\/p>\n\n\n\n<h3 class=\"wp-block-heading\"><\/h3>\n\n\n\n<div class=\"wp-block-columns are-vertically-aligned-center is-layout-flex wp-container-core-columns-is-layout-28f84493 wp-block-columns-is-layout-flex\">\n<div class=\"wp-block-column is-vertically-aligned-center is-layout-flow wp-block-column-is-layout-flow\" style=\"flex-basis:100%\">\n<p class=\"has-regular-font-size\"><strong>SEGUIMIENTO A EGRESADOS<\/strong><\/p>\n<\/div>\n<\/div>\n\n\n\n<p class=\"has-medium-font-size\">Para la Universidad Interamericana el Seguimiento de Egresados constituye una estrategia t\u00e1ctica que permite vincularse m\u00e1s estrechamente con la sociedad del Estado de Puebla permitiendo con esto que se puedan promover los planes de estudio que la Instituci\u00f3n oferta, analizar la informaci\u00f3n de los requerimientos laborales para mejorar los perfiles de egreso y fortalecer su imagen institucional en diversos sectores.<\/p>\n\n\n\n<div class=\"wp-block-media-text alignwide is-stacked-on-mobile\" style=\"grid-template-columns:41% auto\"><figure class=\"wp-block-media-text__media\"><img loading=\"lazy\" decoding=\"async\" width=\"888\" height=\"703\" src=\"https:\/\/www.lainter.edu.mx\/egresados\/wp-content\/uploads\/2023\/09\/316217871_5804502889570333_8295744080153757760_n.jpg\" alt=\"\" class=\"wp-image-162 size-full\" srcset=\"https:\/\/www.lainter.edu.mx\/egresados\/wp-content\/uploads\/2023\/09\/316217871_5804502889570333_8295744080153757760_n.jpg 888w, https:\/\/www.lainter.edu.mx\/egresados\/wp-content\/uploads\/2023\/09\/316217871_5804502889570333_8295744080153757760_n-300x238.jpg 300w, https:\/\/www.lainter.edu.mx\/egresados\/wp-content\/uploads\/2023\/09\/316217871_5804502889570333_8295744080153757760_n-768x608.jpg 768w\" sizes=\"auto, (max-width: 888px) 100vw, 888px\" \/><\/figure><div class=\"wp-block-media-text__content\">\n<p class=\"has-regular-font-size\"><strong>ACTUALIZA TU INFORMACI\u00d3N<\/strong><\/p>\n\n\n\n<p class=\"has-medium-font-size\">Desde la fecha en que se gradu\u00f3 la primera generaci\u00f3n de la Universidad interamericana, se ha buscado fortalecer la relaci\u00f3n con sus egresados; y lo ratificamos poniendo a tu disposici\u00f3n los beneficios y servicios de los cuales puedes gozar acerc\u00e1ndote al nido naranja para estrechar el sentido de pertenencia con la comunidad Exa inter.<\/p>\n\n\n\n<p class=\"has-medium-font-size\">Para brindarte una mejor atenci\u00f3n y seguimiento, actualiza tus datos en el siguiente enlace.<\/p>\n\n\n\n<p class=\"has-medium-font-size\">Esto nos permitir\u00e1 continuar en comunicaci\u00f3n constante contigo y que te enteres de todas las actividades que tenemos para ti en la Universidad Interamericana.<\/p>\n\n\n\n<p class=\"has-medium-font-size\"><\/p>\n\n\n\n<div class=\"wp-block-buttons is-layout-flex wp-block-buttons-is-layout-flex\">\n<div class=\"wp-block-button\"><a class=\"wp-block-button__link wp-element-button\" href=\"https:\/\/forms.gle\/avVGLRoyZhDNP8VN6\" target=\"_blank\" rel=\"noreferrer noopener\">Actualiza tus Datos<\/a><\/div>\n<\/div>\n<\/div><\/div>\n\n\n\n<hr class=\"wp-block-separator has-alpha-channel-opacity\"\/>\n\n\n\n<div class=\"wp-block-group alignwide has-global-padding is-layout-constrained wp-block-group-is-layout-constrained\">\n<div class=\"wp-block-columns is-layout-flex wp-container-core-columns-is-layout-28f84493 wp-block-columns-is-layout-flex\">\n<div class=\"wp-block-column is-layout-flow wp-block-column-is-layout-flow\" style=\"flex-basis:100%\">\n<p class=\"has-regular-font-size\"><strong>BENEFICIOS PARA LOS EXA INTER<\/strong><\/p>\n\n\n\n<div class=\"wp-block-carousel-slider-slider\"><div class=\"carousel-slider-outer carousel-slider-outer-image-carousel carousel-slider-outer-26\" style=\"--carousel-slider-nav-color:#f1f1f1;--carousel-slider-active-nav-color:rgb(10,0,0);--carousel-slider-arrow-size:48px;--carousel-slider-bullet-size:10px\">\n<div id=\"&#039;id-26\" class=\"carousel-slider carousel-slider-26 arrows-visibility-hover dots-visibility-never arrows-outside dots-center dots-circle owl-carousel\" data-slide-type=\"image-carousel\" data-owl-settings='{\"nav\":true,\"dots\":false,\"slideBy\":1,\"stagePadding\":0,\"margin\":10,\"loop\":false,\"lazyLoad\":false,\"autoplay\":true,\"autoplayTimeout\":5000,\"autoplaySpeed\":500,\"autoplayHoverPause\":true,\"autoWidth\":false,\"responsive\":{\"300\":{\"items\":1},\"576\":{\"items\":2},\"768\":{\"items\":2},\"1024\":{\"items\":3},\"1280\":{\"items\":4},\"1536\":{\"items\":5}}}'>\n<div class=\"carousel-slider__item\">\n\t<img loading=\"lazy\" decoding=\"async\" width=\"195\" height=\"300\" src=\"https:\/\/www.lainter.edu.mx\/egresados\/wp-content\/uploads\/2023\/09\/Imagenes_Beneficios-05-195x300.jpg\" class=\"attachment-medium size-medium\" alt=\"\" srcset=\"https:\/\/www.lainter.edu.mx\/egresados\/wp-content\/uploads\/2023\/09\/Imagenes_Beneficios-05-195x300.jpg 195w, https:\/\/www.lainter.edu.mx\/egresados\/wp-content\/uploads\/2023\/09\/Imagenes_Beneficios-05-667x1024.jpg 667w, https:\/\/www.lainter.edu.mx\/egresados\/wp-content\/uploads\/2023\/09\/Imagenes_Beneficios-05-768x1180.jpg 768w, https:\/\/www.lainter.edu.mx\/egresados\/wp-content\/uploads\/2023\/09\/Imagenes_Beneficios-05-1000x1536.jpg 1000w, https:\/\/www.lainter.edu.mx\/egresados\/wp-content\/uploads\/2023\/09\/Imagenes_Beneficios-05-1333x2048.jpg 1333w, https:\/\/www.lainter.edu.mx\/egresados\/wp-content\/uploads\/2023\/09\/Imagenes_Beneficios-05.jpg 1465w\" sizes=\"auto, (max-width: 195px) 100vw, 195px\" \/><div class=\"carousel-slider__caption\"><p class=\"caption\">Precio especial egresados + 1 consulta mensual nutricional. <\/p><\/div><\/a><\/div>\n\n<div class=\"carousel-slider__item\">\n\t<img loading=\"lazy\" decoding=\"async\" width=\"195\" height=\"300\" src=\"https:\/\/www.lainter.edu.mx\/egresados\/wp-content\/uploads\/2023\/09\/Imagenes_Beneficios-04-195x300.jpg\" class=\"attachment-medium size-medium\" alt=\"\" srcset=\"https:\/\/www.lainter.edu.mx\/egresados\/wp-content\/uploads\/2023\/09\/Imagenes_Beneficios-04-195x300.jpg 195w, https:\/\/www.lainter.edu.mx\/egresados\/wp-content\/uploads\/2023\/09\/Imagenes_Beneficios-04-667x1024.jpg 667w, https:\/\/www.lainter.edu.mx\/egresados\/wp-content\/uploads\/2023\/09\/Imagenes_Beneficios-04-768x1180.jpg 768w, https:\/\/www.lainter.edu.mx\/egresados\/wp-content\/uploads\/2023\/09\/Imagenes_Beneficios-04-1000x1536.jpg 1000w, https:\/\/www.lainter.edu.mx\/egresados\/wp-content\/uploads\/2023\/09\/Imagenes_Beneficios-04-1333x2048.jpg 1333w, https:\/\/www.lainter.edu.mx\/egresados\/wp-content\/uploads\/2023\/09\/Imagenes_Beneficios-04.jpg 1465w\" sizes=\"auto, (max-width: 195px) 100vw, 195px\" \/><div class=\"carousel-slider__caption\"><p class=\"caption\">Es Gratis.  Agenda tu cita para comenzar<\/p><\/div><\/a><\/div>\n\n<div class=\"carousel-slider__item\">\n\t<img loading=\"lazy\" decoding=\"async\" width=\"195\" height=\"300\" src=\"https:\/\/www.lainter.edu.mx\/egresados\/wp-content\/uploads\/2023\/09\/Imagenes_Beneficios-02-195x300.jpg\" class=\"attachment-medium size-medium\" alt=\"\" srcset=\"https:\/\/www.lainter.edu.mx\/egresados\/wp-content\/uploads\/2023\/09\/Imagenes_Beneficios-02-195x300.jpg 195w, https:\/\/www.lainter.edu.mx\/egresados\/wp-content\/uploads\/2023\/09\/Imagenes_Beneficios-02-667x1024.jpg 667w, https:\/\/www.lainter.edu.mx\/egresados\/wp-content\/uploads\/2023\/09\/Imagenes_Beneficios-02-768x1180.jpg 768w, https:\/\/www.lainter.edu.mx\/egresados\/wp-content\/uploads\/2023\/09\/Imagenes_Beneficios-02-1000x1536.jpg 1000w, https:\/\/www.lainter.edu.mx\/egresados\/wp-content\/uploads\/2023\/09\/Imagenes_Beneficios-02-1333x2048.jpg 1333w, https:\/\/www.lainter.edu.mx\/egresados\/wp-content\/uploads\/2023\/09\/Imagenes_Beneficios-02.jpg 1465w\" sizes=\"auto, (max-width: 195px) 100vw, 195px\" \/><div class=\"carousel-slider__caption\"><p class=\"caption\">Precio especial egresados *Cl\u00ednica de cavitaci\u00f3n, lipol\u00e1ser y radiofrecuencia.<\/p><\/div><\/a><\/div>\n\n<div class=\"carousel-slider__item\">\n\t<img loading=\"lazy\" decoding=\"async\" width=\"195\" height=\"300\" src=\"https:\/\/www.lainter.edu.mx\/egresados\/wp-content\/uploads\/2023\/09\/Imagenes_Beneficios-03-195x300.jpg\" class=\"attachment-medium size-medium\" alt=\"\" srcset=\"https:\/\/www.lainter.edu.mx\/egresados\/wp-content\/uploads\/2023\/09\/Imagenes_Beneficios-03-195x300.jpg 195w, https:\/\/www.lainter.edu.mx\/egresados\/wp-content\/uploads\/2023\/09\/Imagenes_Beneficios-03-667x1024.jpg 667w, https:\/\/www.lainter.edu.mx\/egresados\/wp-content\/uploads\/2023\/09\/Imagenes_Beneficios-03-768x1180.jpg 768w, https:\/\/www.lainter.edu.mx\/egresados\/wp-content\/uploads\/2023\/09\/Imagenes_Beneficios-03-1000x1536.jpg 1000w, https:\/\/www.lainter.edu.mx\/egresados\/wp-content\/uploads\/2023\/09\/Imagenes_Beneficios-03-1333x2048.jpg 1333w, https:\/\/www.lainter.edu.mx\/egresados\/wp-content\/uploads\/2023\/09\/Imagenes_Beneficios-03.jpg 1465w\" sizes=\"auto, (max-width: 195px) 100vw, 195px\" \/><div class=\"carousel-slider__caption\"><p class=\"caption\">Precio especial egresados<\/p><\/div><\/a><\/div>\n\n<div class=\"carousel-slider__item\">\n\t<img loading=\"lazy\" decoding=\"async\" width=\"195\" height=\"300\" src=\"https:\/\/www.lainter.edu.mx\/egresados\/wp-content\/uploads\/2023\/09\/Imagenes_Beneficios-01-195x300.jpg\" class=\"attachment-medium size-medium\" alt=\"\" srcset=\"https:\/\/www.lainter.edu.mx\/egresados\/wp-content\/uploads\/2023\/09\/Imagenes_Beneficios-01-195x300.jpg 195w, https:\/\/www.lainter.edu.mx\/egresados\/wp-content\/uploads\/2023\/09\/Imagenes_Beneficios-01-667x1024.jpg 667w, https:\/\/www.lainter.edu.mx\/egresados\/wp-content\/uploads\/2023\/09\/Imagenes_Beneficios-01-768x1180.jpg 768w, https:\/\/www.lainter.edu.mx\/egresados\/wp-content\/uploads\/2023\/09\/Imagenes_Beneficios-01-1000x1536.jpg 1000w, https:\/\/www.lainter.edu.mx\/egresados\/wp-content\/uploads\/2023\/09\/Imagenes_Beneficios-01-1333x2048.jpg 1333w, https:\/\/www.lainter.edu.mx\/egresados\/wp-content\/uploads\/2023\/09\/Imagenes_Beneficios-01.jpg 1465w\" sizes=\"auto, (max-width: 195px) 100vw, 195px\" \/><div class=\"carousel-slider__caption\"><p class=\"caption\">Ya sea que quieras ver las vacantes o postular vacantes de tu empresa, esta opci\u00f3n es ideal para vincular a los EXAINTER  con el campo laboral.<\/p><\/div><\/a><\/div>\n\n<\/div><!-- .carousel-slider-26 -->\n<\/div><!-- .carousel-slider-outer-26 -->\n<\/div>\n<\/div>\n<\/div>\n\n\n\n<hr class=\"wp-block-separator has-alpha-channel-opacity\"\/>\n<\/div>\n\n\n\n<div class=\"wp-block-media-text alignwide is-stacked-on-mobile\"><figure class=\"wp-block-media-text__media\"><img loading=\"lazy\" decoding=\"async\" width=\"1024\" height=\"768\" src=\"https:\/\/www.lainter.edu.mx\/egresados\/wp-content\/uploads\/2024\/08\/410942265_783239303845200_5328087626602640423_n-1024x768.jpg\" alt=\"\" class=\"wp-image-455 size-full\" srcset=\"https:\/\/www.lainter.edu.mx\/egresados\/wp-content\/uploads\/2024\/08\/410942265_783239303845200_5328087626602640423_n-1024x768.jpg 1024w, https:\/\/www.lainter.edu.mx\/egresados\/wp-content\/uploads\/2024\/08\/410942265_783239303845200_5328087626602640423_n-300x225.jpg 300w, https:\/\/www.lainter.edu.mx\/egresados\/wp-content\/uploads\/2024\/08\/410942265_783239303845200_5328087626602640423_n-768x576.jpg 768w, https:\/\/www.lainter.edu.mx\/egresados\/wp-content\/uploads\/2024\/08\/410942265_783239303845200_5328087626602640423_n-1536x1152.jpg 1536w, https:\/\/www.lainter.edu.mx\/egresados\/wp-content\/uploads\/2024\/08\/410942265_783239303845200_5328087626602640423_n.jpg 2048w\" sizes=\"auto, (max-width: 1024px) 100vw, 1024px\" \/><\/figure><div class=\"wp-block-media-text__content\">\n<p class=\"has-regular-font-size\"><strong>BOLSA DE TRABAJO<\/strong><\/p>\n\n\n\n<p class=\"has-medium-font-size\">El servicio de Bolsa de Trabajo de la Universidad Interamericana, tiene por objeto poner en contacto a la OFERTA LABORAL y la DEMANDA DE TRABAJO de nuestros egresados. Apoyamos la inserci\u00f3n profesional de los universitarios y ofrecemos la vinculaci\u00f3n con empresas y organizaciones que les ayuden a incursionar al mundo laboral.<\/p>\n\n\n\n<div class=\"wp-block-buttons is-layout-flex wp-block-buttons-is-layout-flex\">\n<div class=\"wp-block-button\"><a class=\"wp-block-button__link wp-element-button\" href=\"https:\/\/www.lainter.edu.mx\/egresados\/bolsa-de-trabajo-inter\/\">Bolsa de trabajo Inter<\/a><\/div>\n<\/div>\n<\/div><\/div>\n\n\n\n<hr class=\"wp-block-separator has-alpha-channel-opacity\"\/>\n\n\n\n<div class=\"wp-block-media-text alignwide has-media-on-the-right is-stacked-on-mobile\"><div class=\"wp-block-media-text__content\">\n<p class=\"has-regular-font-size\"><strong>CONSEJO EXA INTER<\/strong><\/p>\n\n\n\n<p class=\"has-medium-font-size\">La universidad Interamericana ha creado su Consejo de egresados teniendo como objetivo principal propiciar la participaci\u00f3n de los Exa Inter en las diferentes actividades de la instituci\u00f3n, a fin de generar una vinculaci\u00f3n entre ellos mismos y otros sectores, que favorezca su presencia y proyecci\u00f3n en el \u00e1mbito profesional creando redes de networking, vinculando a sus empresas con la universidad, etc.<\/p>\n\n\n\n<div class=\"wp-block-buttons is-layout-flex wp-block-buttons-is-layout-flex\">\n<div class=\"wp-block-button\"><a class=\"wp-block-button__link wp-element-button\" href=\"https:\/\/www.lainter.edu.mx\/egresados\/wp-content\/uploads\/2025\/08\/Post-de-Instagram-Aniversario-Negocio-Descuentos-Dinamico-Negro.pdf\" target=\"_blank\" rel=\"noreferrer noopener\">Comida EXA INTER octubre 2025<\/a><\/div>\n<\/div>\n<\/div><figure class=\"wp-block-media-text__media\"><img loading=\"lazy\" decoding=\"async\" width=\"1024\" height=\"765\" src=\"https:\/\/www.lainter.edu.mx\/egresados\/wp-content\/uploads\/2023\/09\/WhatsApp-Image-2023-06-06-at-12.26.38-PM-1024x765.jpeg\" alt=\"\" class=\"wp-image-157 size-full\" srcset=\"https:\/\/www.lainter.edu.mx\/egresados\/wp-content\/uploads\/2023\/09\/WhatsApp-Image-2023-06-06-at-12.26.38-PM-1024x765.jpeg 1024w, https:\/\/www.lainter.edu.mx\/egresados\/wp-content\/uploads\/2023\/09\/WhatsApp-Image-2023-06-06-at-12.26.38-PM-300x224.jpeg 300w, https:\/\/www.lainter.edu.mx\/egresados\/wp-content\/uploads\/2023\/09\/WhatsApp-Image-2023-06-06-at-12.26.38-PM-768x574.jpeg 768w, https:\/\/www.lainter.edu.mx\/egresados\/wp-content\/uploads\/2023\/09\/WhatsApp-Image-2023-06-06-at-12.26.38-PM-1536x1148.jpeg 1536w, https:\/\/www.lainter.edu.mx\/egresados\/wp-content\/uploads\/2023\/09\/WhatsApp-Image-2023-06-06-at-12.26.38-PM.jpeg 1600w\" sizes=\"auto, (max-width: 1024px) 100vw, 1024px\" \/><\/figure><\/div>\n\n\n\n<hr class=\"wp-block-separator has-alpha-channel-opacity\"\/>\n\n\n\n<div class=\"wp-block-media-text alignwide is-stacked-on-mobile\"><figure class=\"wp-block-media-text__media\"><img loading=\"lazy\" decoding=\"async\" width=\"1024\" height=\"768\" src=\"https:\/\/www.lainter.edu.mx\/egresados\/wp-content\/uploads\/2024\/12\/470174602_1038597878309340_4625220958339717891_n-1024x768.jpg\" alt=\"\" class=\"wp-image-886 size-full\" srcset=\"https:\/\/www.lainter.edu.mx\/egresados\/wp-content\/uploads\/2024\/12\/470174602_1038597878309340_4625220958339717891_n-1024x768.jpg 1024w, https:\/\/www.lainter.edu.mx\/egresados\/wp-content\/uploads\/2024\/12\/470174602_1038597878309340_4625220958339717891_n-300x225.jpg 300w, https:\/\/www.lainter.edu.mx\/egresados\/wp-content\/uploads\/2024\/12\/470174602_1038597878309340_4625220958339717891_n-768x576.jpg 768w, https:\/\/www.lainter.edu.mx\/egresados\/wp-content\/uploads\/2024\/12\/470174602_1038597878309340_4625220958339717891_n-1536x1152.jpg 1536w, https:\/\/www.lainter.edu.mx\/egresados\/wp-content\/uploads\/2024\/12\/470174602_1038597878309340_4625220958339717891_n.jpg 2048w\" sizes=\"auto, (max-width: 1024px) 100vw, 1024px\" \/><\/figure><div class=\"wp-block-media-text__content\">\n<p class=\"has-regular-font-size\"><strong>CURSOS INTERNACIONALES<\/strong><\/p>\n\n\n\n<p class=\"has-medium-font-size\">Impulsa a reci\u00e9n egresados con talleres internacionales por la Universidad de Matanzas en Cuba en el mes de noviembre del 2025. En este curso desarrollar\u00e1s tus  habilidades laborales y fadministrativas, potenciando tu empleabilidad para posicionarse y crecer dentro de empresas de primer nivel.<\/p>\n\n\n\n<p class=\"has-medium-font-size\">Dirigido a egresados de los&nbsp;\u00faltimos dos a\u00f1os,&nbsp;as\u00ed como estudiantes activos.<\/p>\n\n\n\n<div class=\"wp-block-buttons is-layout-flex wp-block-buttons-is-layout-flex\">\n<div class=\"wp-block-button\"><a class=\"wp-block-button__link wp-element-button\" href=\"https:\/\/www.lainter.edu.mx\/egresados\/wp-content\/uploads\/2025\/05\/PROGRAMA-INTER-CUBA-1-.pdf\" target=\"_blank\" rel=\"noreferrer noopener\">Curso Cuba 2025<\/a><\/div>\n<\/div>\n<\/div><\/div>\n\n\n\n<hr class=\"wp-block-separator has-alpha-channel-opacity\"\/>\n\n\n\n<div class=\"wp-block-columns is-layout-flex wp-container-core-columns-is-layout-28f84493 wp-block-columns-is-layout-flex\">\n<div class=\"wp-block-column is-layout-flow wp-block-column-is-layout-flow\" style=\"flex-basis:100%\">\n<p class=\"has-regular-font-size\"><strong> CONOCE A ALGUNOS DE NUESTROS EGRESADOS DESTACADOS<\/strong><\/p>\n\n\n\n<div class=\"wp-block-group has-global-padding is-layout-constrained wp-block-group-is-layout-constrained\">\n<div class=\"wp-block-columns is-layout-flex wp-container-core-columns-is-layout-28f84493 wp-block-columns-is-layout-flex\">\n<div class=\"wp-block-column is-layout-flow wp-block-column-is-layout-flow\" style=\"flex-basis:100%\">\n<div class=\"wp-block-columns is-layout-flex wp-container-core-columns-is-layout-28f84493 wp-block-columns-is-layout-flex\">\n<div class=\"wp-block-column is-layout-flow wp-block-column-is-layout-flow\" style=\"flex-basis:100%\">\n<div class=\"wp-block-carousel-slider-slider\"><div class=\"carousel-slider-outer carousel-slider-outer-image-carousel carousel-slider-outer-320\" style=\"--carousel-slider-nav-color:#f1f1f1;--carousel-slider-active-nav-color:#00d1b2;--carousel-slider-arrow-size:48px;--carousel-slider-bullet-size:10px\">\n<div id=\"&#039;id-320\" class=\"carousel-slider carousel-slider-320 arrows-visibility-hover dots-visibility-never arrows-outside dots-center dots-circle owl-carousel\" data-slide-type=\"image-carousel\" data-owl-settings='{\"nav\":true,\"dots\":false,\"slideBy\":1,\"stagePadding\":0,\"margin\":10,\"loop\":true,\"lazyLoad\":false,\"autoplay\":true,\"autoplayTimeout\":5000,\"autoplaySpeed\":500,\"autoplayHoverPause\":true,\"autoWidth\":false,\"responsive\":{\"300\":{\"items\":1},\"576\":{\"items\":2},\"768\":{\"items\":2},\"1024\":{\"items\":3},\"1280\":{\"items\":4},\"1536\":{\"items\":5}}}'>\n<div class=\"carousel-slider__item\">\n\t<img loading=\"lazy\" decoding=\"async\" width=\"1200\" height=\"1200\" src=\"https:\/\/www.lainter.edu.mx\/egresados\/wp-content\/uploads\/2024\/08\/ExaInter-Marzo2023.png\" class=\"attachment-2048x2048 size-2048x2048\" alt=\"\" srcset=\"https:\/\/www.lainter.edu.mx\/egresados\/wp-content\/uploads\/2024\/08\/ExaInter-Marzo2023.png 1200w, https:\/\/www.lainter.edu.mx\/egresados\/wp-content\/uploads\/2024\/08\/ExaInter-Marzo2023-300x300.png 300w, https:\/\/www.lainter.edu.mx\/egresados\/wp-content\/uploads\/2024\/08\/ExaInter-Marzo2023-1024x1024.png 1024w, https:\/\/www.lainter.edu.mx\/egresados\/wp-content\/uploads\/2024\/08\/ExaInter-Marzo2023-150x150.png 150w, https:\/\/www.lainter.edu.mx\/egresados\/wp-content\/uploads\/2024\/08\/ExaInter-Marzo2023-768x768.png 768w\" sizes=\"auto, (max-width: 1200px) 100vw, 1200px\" \/><\/a><\/div>\n\n<div class=\"carousel-slider__item\">\n\t<img loading=\"lazy\" decoding=\"async\" width=\"1080\" height=\"1080\" src=\"https:\/\/www.lainter.edu.mx\/egresados\/wp-content\/uploads\/2024\/08\/EXAInter_Mensual.png\" class=\"attachment-2048x2048 size-2048x2048\" alt=\"\" srcset=\"https:\/\/www.lainter.edu.mx\/egresados\/wp-content\/uploads\/2024\/08\/EXAInter_Mensual.png 1080w, https:\/\/www.lainter.edu.mx\/egresados\/wp-content\/uploads\/2024\/08\/EXAInter_Mensual-300x300.png 300w, https:\/\/www.lainter.edu.mx\/egresados\/wp-content\/uploads\/2024\/08\/EXAInter_Mensual-1024x1024.png 1024w, https:\/\/www.lainter.edu.mx\/egresados\/wp-content\/uploads\/2024\/08\/EXAInter_Mensual-150x150.png 150w, https:\/\/www.lainter.edu.mx\/egresados\/wp-content\/uploads\/2024\/08\/EXAInter_Mensual-768x768.png 768w\" sizes=\"auto, (max-width: 1080px) 100vw, 1080px\" \/><\/a><\/div>\n\n<div class=\"carousel-slider__item\">\n\t<img loading=\"lazy\" decoding=\"async\" width=\"1080\" height=\"1080\" src=\"https:\/\/www.lainter.edu.mx\/egresados\/wp-content\/uploads\/2024\/08\/EXAInter_Mayo.jpg\" class=\"attachment-2048x2048 size-2048x2048\" alt=\"\" srcset=\"https:\/\/www.lainter.edu.mx\/egresados\/wp-content\/uploads\/2024\/08\/EXAInter_Mayo.jpg 1080w, https:\/\/www.lainter.edu.mx\/egresados\/wp-content\/uploads\/2024\/08\/EXAInter_Mayo-300x300.jpg 300w, https:\/\/www.lainter.edu.mx\/egresados\/wp-content\/uploads\/2024\/08\/EXAInter_Mayo-1024x1024.jpg 1024w, https:\/\/www.lainter.edu.mx\/egresados\/wp-content\/uploads\/2024\/08\/EXAInter_Mayo-150x150.jpg 150w, https:\/\/www.lainter.edu.mx\/egresados\/wp-content\/uploads\/2024\/08\/EXAInter_Mayo-768x768.jpg 768w\" sizes=\"auto, (max-width: 1080px) 100vw, 1080px\" \/><\/a><\/div>\n\n<div class=\"carousel-slider__item\">\n\t<img loading=\"lazy\" decoding=\"async\" width=\"1080\" height=\"1080\" src=\"https:\/\/www.lainter.edu.mx\/egresados\/wp-content\/uploads\/2024\/08\/358125931_680663467436118_6977533471054428864_n.jpg\" class=\"attachment-2048x2048 size-2048x2048\" alt=\"\" srcset=\"https:\/\/www.lainter.edu.mx\/egresados\/wp-content\/uploads\/2024\/08\/358125931_680663467436118_6977533471054428864_n.jpg 1080w, https:\/\/www.lainter.edu.mx\/egresados\/wp-content\/uploads\/2024\/08\/358125931_680663467436118_6977533471054428864_n-300x300.jpg 300w, https:\/\/www.lainter.edu.mx\/egresados\/wp-content\/uploads\/2024\/08\/358125931_680663467436118_6977533471054428864_n-1024x1024.jpg 1024w, https:\/\/www.lainter.edu.mx\/egresados\/wp-content\/uploads\/2024\/08\/358125931_680663467436118_6977533471054428864_n-150x150.jpg 150w, https:\/\/www.lainter.edu.mx\/egresados\/wp-content\/uploads\/2024\/08\/358125931_680663467436118_6977533471054428864_n-768x768.jpg 768w\" sizes=\"auto, (max-width: 1080px) 100vw, 1080px\" \/><\/a><\/div>\n\n<div class=\"carousel-slider__item\">\n\t<img loading=\"lazy\" decoding=\"async\" width=\"1080\" height=\"1080\" src=\"https:\/\/www.lainter.edu.mx\/egresados\/wp-content\/uploads\/2024\/08\/365531536_769488305183280_5621071505904933152_n.jpg\" class=\"attachment-2048x2048 size-2048x2048\" alt=\"\" srcset=\"https:\/\/www.lainter.edu.mx\/egresados\/wp-content\/uploads\/2024\/08\/365531536_769488305183280_5621071505904933152_n.jpg 1080w, https:\/\/www.lainter.edu.mx\/egresados\/wp-content\/uploads\/2024\/08\/365531536_769488305183280_5621071505904933152_n-300x300.jpg 300w, https:\/\/www.lainter.edu.mx\/egresados\/wp-content\/uploads\/2024\/08\/365531536_769488305183280_5621071505904933152_n-1024x1024.jpg 1024w, https:\/\/www.lainter.edu.mx\/egresados\/wp-content\/uploads\/2024\/08\/365531536_769488305183280_5621071505904933152_n-150x150.jpg 150w, https:\/\/www.lainter.edu.mx\/egresados\/wp-content\/uploads\/2024\/08\/365531536_769488305183280_5621071505904933152_n-768x768.jpg 768w\" sizes=\"auto, (max-width: 1080px) 100vw, 1080px\" \/><\/a><\/div>\n\n<div class=\"carousel-slider__item\">\n\t<img loading=\"lazy\" decoding=\"async\" width=\"1080\" height=\"1080\" src=\"https:\/\/www.lainter.edu.mx\/egresados\/wp-content\/uploads\/2024\/08\/EXAInter_Septiembre.jpg\" class=\"attachment-2048x2048 size-2048x2048\" alt=\"\" srcset=\"https:\/\/www.lainter.edu.mx\/egresados\/wp-content\/uploads\/2024\/08\/EXAInter_Septiembre.jpg 1080w, https:\/\/www.lainter.edu.mx\/egresados\/wp-content\/uploads\/2024\/08\/EXAInter_Septiembre-300x300.jpg 300w, https:\/\/www.lainter.edu.mx\/egresados\/wp-content\/uploads\/2024\/08\/EXAInter_Septiembre-1024x1024.jpg 1024w, https:\/\/www.lainter.edu.mx\/egresados\/wp-content\/uploads\/2024\/08\/EXAInter_Septiembre-150x150.jpg 150w, https:\/\/www.lainter.edu.mx\/egresados\/wp-content\/uploads\/2024\/08\/EXAInter_Septiembre-768x768.jpg 768w\" sizes=\"auto, (max-width: 1080px) 100vw, 1080px\" \/><\/a><\/div>\n\n<div class=\"carousel-slider__item\">\n\t<img loading=\"lazy\" decoding=\"async\" width=\"1080\" height=\"1080\" src=\"https:\/\/www.lainter.edu.mx\/egresados\/wp-content\/uploads\/2024\/08\/EXAInter_Octubre.jpg\" class=\"attachment-2048x2048 size-2048x2048\" alt=\"\" srcset=\"https:\/\/www.lainter.edu.mx\/egresados\/wp-content\/uploads\/2024\/08\/EXAInter_Octubre.jpg 1080w, https:\/\/www.lainter.edu.mx\/egresados\/wp-content\/uploads\/2024\/08\/EXAInter_Octubre-300x300.jpg 300w, https:\/\/www.lainter.edu.mx\/egresados\/wp-content\/uploads\/2024\/08\/EXAInter_Octubre-1024x1024.jpg 1024w, https:\/\/www.lainter.edu.mx\/egresados\/wp-content\/uploads\/2024\/08\/EXAInter_Octubre-150x150.jpg 150w, https:\/\/www.lainter.edu.mx\/egresados\/wp-content\/uploads\/2024\/08\/EXAInter_Octubre-768x768.jpg 768w\" sizes=\"auto, (max-width: 1080px) 100vw, 1080px\" \/><\/a><\/div>\n\n<div class=\"carousel-slider__item\">\n\t<img loading=\"lazy\" decoding=\"async\" width=\"1080\" height=\"1080\" src=\"https:\/\/www.lainter.edu.mx\/egresados\/wp-content\/uploads\/2024\/08\/WhatsApp-Image-2023-11-09-at-11.44.04-AM.jpeg\" class=\"attachment-2048x2048 size-2048x2048\" alt=\"\" srcset=\"https:\/\/www.lainter.edu.mx\/egresados\/wp-content\/uploads\/2024\/08\/WhatsApp-Image-2023-11-09-at-11.44.04-AM.jpeg 1080w, https:\/\/www.lainter.edu.mx\/egresados\/wp-content\/uploads\/2024\/08\/WhatsApp-Image-2023-11-09-at-11.44.04-AM-300x300.jpeg 300w, https:\/\/www.lainter.edu.mx\/egresados\/wp-content\/uploads\/2024\/08\/WhatsApp-Image-2023-11-09-at-11.44.04-AM-1024x1024.jpeg 1024w, https:\/\/www.lainter.edu.mx\/egresados\/wp-content\/uploads\/2024\/08\/WhatsApp-Image-2023-11-09-at-11.44.04-AM-150x150.jpeg 150w, https:\/\/www.lainter.edu.mx\/egresados\/wp-content\/uploads\/2024\/08\/WhatsApp-Image-2023-11-09-at-11.44.04-AM-768x768.jpeg 768w\" sizes=\"auto, (max-width: 1080px) 100vw, 1080px\" \/><\/a><\/div>\n\n<div class=\"carousel-slider__item\">\n\t<img loading=\"lazy\" decoding=\"async\" width=\"1080\" height=\"1080\" src=\"https:\/\/www.lainter.edu.mx\/egresados\/wp-content\/uploads\/2024\/08\/406462980_857234906408619_3834156881295292239_n.jpg\" class=\"attachment-2048x2048 size-2048x2048\" alt=\"\" srcset=\"https:\/\/www.lainter.edu.mx\/egresados\/wp-content\/uploads\/2024\/08\/406462980_857234906408619_3834156881295292239_n.jpg 1080w, https:\/\/www.lainter.edu.mx\/egresados\/wp-content\/uploads\/2024\/08\/406462980_857234906408619_3834156881295292239_n-300x300.jpg 300w, https:\/\/www.lainter.edu.mx\/egresados\/wp-content\/uploads\/2024\/08\/406462980_857234906408619_3834156881295292239_n-1024x1024.jpg 1024w, https:\/\/www.lainter.edu.mx\/egresados\/wp-content\/uploads\/2024\/08\/406462980_857234906408619_3834156881295292239_n-150x150.jpg 150w, https:\/\/www.lainter.edu.mx\/egresados\/wp-content\/uploads\/2024\/08\/406462980_857234906408619_3834156881295292239_n-768x768.jpg 768w\" sizes=\"auto, (max-width: 1080px) 100vw, 1080px\" \/><\/a><\/div>\n\n<div class=\"carousel-slider__item\">\n\t<img loading=\"lazy\" decoding=\"async\" width=\"1080\" height=\"1080\" src=\"https:\/\/www.lainter.edu.mx\/egresados\/wp-content\/uploads\/2024\/08\/WhatsApp-Image-2024-01-24-at-12.04.08-PM.jpeg\" class=\"attachment-2048x2048 size-2048x2048\" alt=\"\" srcset=\"https:\/\/www.lainter.edu.mx\/egresados\/wp-content\/uploads\/2024\/08\/WhatsApp-Image-2024-01-24-at-12.04.08-PM.jpeg 1080w, https:\/\/www.lainter.edu.mx\/egresados\/wp-content\/uploads\/2024\/08\/WhatsApp-Image-2024-01-24-at-12.04.08-PM-300x300.jpeg 300w, https:\/\/www.lainter.edu.mx\/egresados\/wp-content\/uploads\/2024\/08\/WhatsApp-Image-2024-01-24-at-12.04.08-PM-1024x1024.jpeg 1024w, https:\/\/www.lainter.edu.mx\/egresados\/wp-content\/uploads\/2024\/08\/WhatsApp-Image-2024-01-24-at-12.04.08-PM-150x150.jpeg 150w, https:\/\/www.lainter.edu.mx\/egresados\/wp-content\/uploads\/2024\/08\/WhatsApp-Image-2024-01-24-at-12.04.08-PM-768x768.jpeg 768w\" sizes=\"auto, (max-width: 1080px) 100vw, 1080px\" \/><\/a><\/div>\n\n<div class=\"carousel-slider__item\">\n\t<img loading=\"lazy\" decoding=\"async\" width=\"1080\" height=\"1080\" src=\"https:\/\/www.lainter.edu.mx\/egresados\/wp-content\/uploads\/2024\/08\/417457933_817889823713481_1570323255487776928_n.jpg\" class=\"attachment-2048x2048 size-2048x2048\" alt=\"\" srcset=\"https:\/\/www.lainter.edu.mx\/egresados\/wp-content\/uploads\/2024\/08\/417457933_817889823713481_1570323255487776928_n.jpg 1080w, https:\/\/www.lainter.edu.mx\/egresados\/wp-content\/uploads\/2024\/08\/417457933_817889823713481_1570323255487776928_n-300x300.jpg 300w, https:\/\/www.lainter.edu.mx\/egresados\/wp-content\/uploads\/2024\/08\/417457933_817889823713481_1570323255487776928_n-1024x1024.jpg 1024w, https:\/\/www.lainter.edu.mx\/egresados\/wp-content\/uploads\/2024\/08\/417457933_817889823713481_1570323255487776928_n-150x150.jpg 150w, https:\/\/www.lainter.edu.mx\/egresados\/wp-content\/uploads\/2024\/08\/417457933_817889823713481_1570323255487776928_n-768x768.jpg 768w\" sizes=\"auto, (max-width: 1080px) 100vw, 1080px\" \/><\/a><\/div>\n\n<div class=\"carousel-slider__item\">\n\t<img loading=\"lazy\" decoding=\"async\" width=\"1080\" height=\"1080\" src=\"https:\/\/www.lainter.edu.mx\/egresados\/wp-content\/uploads\/2024\/08\/WhatsApp-Image-2024-03-05-at-12.17.52-PM.jpeg\" class=\"attachment-2048x2048 size-2048x2048\" alt=\"\" srcset=\"https:\/\/www.lainter.edu.mx\/egresados\/wp-content\/uploads\/2024\/08\/WhatsApp-Image-2024-03-05-at-12.17.52-PM.jpeg 1080w, https:\/\/www.lainter.edu.mx\/egresados\/wp-content\/uploads\/2024\/08\/WhatsApp-Image-2024-03-05-at-12.17.52-PM-300x300.jpeg 300w, https:\/\/www.lainter.edu.mx\/egresados\/wp-content\/uploads\/2024\/08\/WhatsApp-Image-2024-03-05-at-12.17.52-PM-1024x1024.jpeg 1024w, https:\/\/www.lainter.edu.mx\/egresados\/wp-content\/uploads\/2024\/08\/WhatsApp-Image-2024-03-05-at-12.17.52-PM-150x150.jpeg 150w, https:\/\/www.lainter.edu.mx\/egresados\/wp-content\/uploads\/2024\/08\/WhatsApp-Image-2024-03-05-at-12.17.52-PM-768x768.jpeg 768w\" sizes=\"auto, (max-width: 1080px) 100vw, 1080px\" \/><\/a><\/div>\n\n<div class=\"carousel-slider__item\">\n\t<img loading=\"lazy\" decoding=\"async\" width=\"1080\" height=\"1080\" src=\"https:\/\/www.lainter.edu.mx\/egresados\/wp-content\/uploads\/2024\/08\/WhatsApp-Image-2024-04-16-at-10.19.47-AM.jpeg\" class=\"attachment-2048x2048 size-2048x2048\" alt=\"\" srcset=\"https:\/\/www.lainter.edu.mx\/egresados\/wp-content\/uploads\/2024\/08\/WhatsApp-Image-2024-04-16-at-10.19.47-AM.jpeg 1080w, https:\/\/www.lainter.edu.mx\/egresados\/wp-content\/uploads\/2024\/08\/WhatsApp-Image-2024-04-16-at-10.19.47-AM-300x300.jpeg 300w, https:\/\/www.lainter.edu.mx\/egresados\/wp-content\/uploads\/2024\/08\/WhatsApp-Image-2024-04-16-at-10.19.47-AM-1024x1024.jpeg 1024w, https:\/\/www.lainter.edu.mx\/egresados\/wp-content\/uploads\/2024\/08\/WhatsApp-Image-2024-04-16-at-10.19.47-AM-150x150.jpeg 150w, https:\/\/www.lainter.edu.mx\/egresados\/wp-content\/uploads\/2024\/08\/WhatsApp-Image-2024-04-16-at-10.19.47-AM-768x768.jpeg 768w\" sizes=\"auto, (max-width: 1080px) 100vw, 1080px\" \/><\/a><\/div>\n\n<div class=\"carousel-slider__item\">\n\t<img loading=\"lazy\" decoding=\"async\" width=\"1600\" height=\"1600\" src=\"https:\/\/www.lainter.edu.mx\/egresados\/wp-content\/uploads\/2024\/08\/WhatsApp-Image-2024-05-06-at-1.13.56-PM.jpeg\" class=\"attachment-2048x2048 size-2048x2048\" alt=\"\" srcset=\"https:\/\/www.lainter.edu.mx\/egresados\/wp-content\/uploads\/2024\/08\/WhatsApp-Image-2024-05-06-at-1.13.56-PM.jpeg 1600w, https:\/\/www.lainter.edu.mx\/egresados\/wp-content\/uploads\/2024\/08\/WhatsApp-Image-2024-05-06-at-1.13.56-PM-300x300.jpeg 300w, https:\/\/www.lainter.edu.mx\/egresados\/wp-content\/uploads\/2024\/08\/WhatsApp-Image-2024-05-06-at-1.13.56-PM-1024x1024.jpeg 1024w, https:\/\/www.lainter.edu.mx\/egresados\/wp-content\/uploads\/2024\/08\/WhatsApp-Image-2024-05-06-at-1.13.56-PM-150x150.jpeg 150w, https:\/\/www.lainter.edu.mx\/egresados\/wp-content\/uploads\/2024\/08\/WhatsApp-Image-2024-05-06-at-1.13.56-PM-768x768.jpeg 768w, https:\/\/www.lainter.edu.mx\/egresados\/wp-content\/uploads\/2024\/08\/WhatsApp-Image-2024-05-06-at-1.13.56-PM-1536x1536.jpeg 1536w\" sizes=\"auto, (max-width: 1600px) 100vw, 1600px\" \/><\/a><\/div>\n\n<div class=\"carousel-slider__item\">\n\t<img loading=\"lazy\" decoding=\"async\" width=\"1080\" height=\"1080\" src=\"https:\/\/www.lainter.edu.mx\/egresados\/wp-content\/uploads\/2024\/08\/EXAInterJunio_02.jpg\" class=\"attachment-2048x2048 size-2048x2048\" alt=\"\" srcset=\"https:\/\/www.lainter.edu.mx\/egresados\/wp-content\/uploads\/2024\/08\/EXAInterJunio_02.jpg 1080w, https:\/\/www.lainter.edu.mx\/egresados\/wp-content\/uploads\/2024\/08\/EXAInterJunio_02-300x300.jpg 300w, https:\/\/www.lainter.edu.mx\/egresados\/wp-content\/uploads\/2024\/08\/EXAInterJunio_02-1024x1024.jpg 1024w, https:\/\/www.lainter.edu.mx\/egresados\/wp-content\/uploads\/2024\/08\/EXAInterJunio_02-150x150.jpg 150w, https:\/\/www.lainter.edu.mx\/egresados\/wp-content\/uploads\/2024\/08\/EXAInterJunio_02-768x768.jpg 768w\" sizes=\"auto, (max-width: 1080px) 100vw, 1080px\" \/><\/a><\/div>\n\n<div class=\"carousel-slider__item\">\n\t<img loading=\"lazy\" decoding=\"async\" width=\"2048\" height=\"2048\" src=\"https:\/\/www.lainter.edu.mx\/egresados\/wp-content\/uploads\/2024\/08\/EXAInter_Mensual-julio-01-01-2048x2048.jpg\" class=\"attachment-2048x2048 size-2048x2048\" alt=\"\" srcset=\"https:\/\/www.lainter.edu.mx\/egresados\/wp-content\/uploads\/2024\/08\/EXAInter_Mensual-julio-01-01-2048x2048.jpg 2048w, https:\/\/www.lainter.edu.mx\/egresados\/wp-content\/uploads\/2024\/08\/EXAInter_Mensual-julio-01-01-300x300.jpg 300w, https:\/\/www.lainter.edu.mx\/egresados\/wp-content\/uploads\/2024\/08\/EXAInter_Mensual-julio-01-01-1024x1024.jpg 1024w, https:\/\/www.lainter.edu.mx\/egresados\/wp-content\/uploads\/2024\/08\/EXAInter_Mensual-julio-01-01-150x150.jpg 150w, https:\/\/www.lainter.edu.mx\/egresados\/wp-content\/uploads\/2024\/08\/EXAInter_Mensual-julio-01-01-768x768.jpg 768w, https:\/\/www.lainter.edu.mx\/egresados\/wp-content\/uploads\/2024\/08\/EXAInter_Mensual-julio-01-01-1536x1536.jpg 1536w\" sizes=\"auto, (max-width: 2048px) 100vw, 2048px\" \/><\/a><\/div>\n\n<div class=\"carousel-slider__item\">\n\t<img loading=\"lazy\" decoding=\"async\" width=\"1600\" height=\"1600\" src=\"https:\/\/www.lainter.edu.mx\/egresados\/wp-content\/uploads\/2024\/09\/WhatsApp-Image-2024-08-20-at-12.03.31-PM.jpeg\" class=\"attachment-2048x2048 size-2048x2048\" alt=\"\" srcset=\"https:\/\/www.lainter.edu.mx\/egresados\/wp-content\/uploads\/2024\/09\/WhatsApp-Image-2024-08-20-at-12.03.31-PM.jpeg 1600w, https:\/\/www.lainter.edu.mx\/egresados\/wp-content\/uploads\/2024\/09\/WhatsApp-Image-2024-08-20-at-12.03.31-PM-300x300.jpeg 300w, https:\/\/www.lainter.edu.mx\/egresados\/wp-content\/uploads\/2024\/09\/WhatsApp-Image-2024-08-20-at-12.03.31-PM-1024x1024.jpeg 1024w, https:\/\/www.lainter.edu.mx\/egresados\/wp-content\/uploads\/2024\/09\/WhatsApp-Image-2024-08-20-at-12.03.31-PM-150x150.jpeg 150w, https:\/\/www.lainter.edu.mx\/egresados\/wp-content\/uploads\/2024\/09\/WhatsApp-Image-2024-08-20-at-12.03.31-PM-768x768.jpeg 768w, https:\/\/www.lainter.edu.mx\/egresados\/wp-content\/uploads\/2024\/09\/WhatsApp-Image-2024-08-20-at-12.03.31-PM-1536x1536.jpeg 1536w\" sizes=\"auto, (max-width: 1600px) 100vw, 1600px\" \/><\/a><\/div>\n\n<div class=\"carousel-slider__item\">\n\t<img loading=\"lazy\" decoding=\"async\" width=\"1080\" height=\"1080\" src=\"https:\/\/www.lainter.edu.mx\/egresados\/wp-content\/uploads\/2024\/10\/EXAInter_SeptiembreC.jpeg\" class=\"attachment-2048x2048 size-2048x2048\" alt=\"\" srcset=\"https:\/\/www.lainter.edu.mx\/egresados\/wp-content\/uploads\/2024\/10\/EXAInter_SeptiembreC.jpeg 1080w, https:\/\/www.lainter.edu.mx\/egresados\/wp-content\/uploads\/2024\/10\/EXAInter_SeptiembreC-300x300.jpeg 300w, https:\/\/www.lainter.edu.mx\/egresados\/wp-content\/uploads\/2024\/10\/EXAInter_SeptiembreC-1024x1024.jpeg 1024w, https:\/\/www.lainter.edu.mx\/egresados\/wp-content\/uploads\/2024\/10\/EXAInter_SeptiembreC-150x150.jpeg 150w, https:\/\/www.lainter.edu.mx\/egresados\/wp-content\/uploads\/2024\/10\/EXAInter_SeptiembreC-768x768.jpeg 768w\" sizes=\"auto, (max-width: 1080px) 100vw, 1080px\" \/><\/a><\/div>\n\n<div class=\"carousel-slider__item\">\n\t<img loading=\"lazy\" decoding=\"async\" width=\"1080\" height=\"1080\" src=\"https:\/\/www.lainter.edu.mx\/egresados\/wp-content\/uploads\/2025\/07\/EXAInter_Octubre.jpeg\" class=\"attachment-2048x2048 size-2048x2048\" alt=\"\" srcset=\"https:\/\/www.lainter.edu.mx\/egresados\/wp-content\/uploads\/2025\/07\/EXAInter_Octubre.jpeg 1080w, https:\/\/www.lainter.edu.mx\/egresados\/wp-content\/uploads\/2025\/07\/EXAInter_Octubre-300x300.jpeg 300w, https:\/\/www.lainter.edu.mx\/egresados\/wp-content\/uploads\/2025\/07\/EXAInter_Octubre-1024x1024.jpeg 1024w, https:\/\/www.lainter.edu.mx\/egresados\/wp-content\/uploads\/2025\/07\/EXAInter_Octubre-150x150.jpeg 150w, https:\/\/www.lainter.edu.mx\/egresados\/wp-content\/uploads\/2025\/07\/EXAInter_Octubre-768x768.jpeg 768w\" sizes=\"auto, (max-width: 1080px) 100vw, 1080px\" \/><\/a><\/div>\n\n<div class=\"carousel-slider__item\">\n\t<img loading=\"lazy\" decoding=\"async\" width=\"1080\" height=\"1080\" src=\"https:\/\/www.lainter.edu.mx\/egresados\/wp-content\/uploads\/2025\/07\/WhatsApp-Image-2024-11-13-at-2.05.24-PM.jpeg\" class=\"attachment-2048x2048 size-2048x2048\" alt=\"\" srcset=\"https:\/\/www.lainter.edu.mx\/egresados\/wp-content\/uploads\/2025\/07\/WhatsApp-Image-2024-11-13-at-2.05.24-PM.jpeg 1080w, https:\/\/www.lainter.edu.mx\/egresados\/wp-content\/uploads\/2025\/07\/WhatsApp-Image-2024-11-13-at-2.05.24-PM-300x300.jpeg 300w, https:\/\/www.lainter.edu.mx\/egresados\/wp-content\/uploads\/2025\/07\/WhatsApp-Image-2024-11-13-at-2.05.24-PM-1024x1024.jpeg 1024w, https:\/\/www.lainter.edu.mx\/egresados\/wp-content\/uploads\/2025\/07\/WhatsApp-Image-2024-11-13-at-2.05.24-PM-150x150.jpeg 150w, https:\/\/www.lainter.edu.mx\/egresados\/wp-content\/uploads\/2025\/07\/WhatsApp-Image-2024-11-13-at-2.05.24-PM-768x768.jpeg 768w\" sizes=\"auto, (max-width: 1080px) 100vw, 1080px\" \/><\/a><\/div>\n\n<div class=\"carousel-slider__item\">\n\t<img loading=\"lazy\" decoding=\"async\" width=\"1080\" height=\"1080\" src=\"https:\/\/www.lainter.edu.mx\/egresados\/wp-content\/uploads\/2025\/07\/exa-inter-marzo.png\" class=\"attachment-2048x2048 size-2048x2048\" alt=\"\" srcset=\"https:\/\/www.lainter.edu.mx\/egresados\/wp-content\/uploads\/2025\/07\/exa-inter-marzo.png 1080w, https:\/\/www.lainter.edu.mx\/egresados\/wp-content\/uploads\/2025\/07\/exa-inter-marzo-300x300.png 300w, https:\/\/www.lainter.edu.mx\/egresados\/wp-content\/uploads\/2025\/07\/exa-inter-marzo-1024x1024.png 1024w, https:\/\/www.lainter.edu.mx\/egresados\/wp-content\/uploads\/2025\/07\/exa-inter-marzo-150x150.png 150w, https:\/\/www.lainter.edu.mx\/egresados\/wp-content\/uploads\/2025\/07\/exa-inter-marzo-768x768.png 768w\" sizes=\"auto, (max-width: 1080px) 100vw, 1080px\" \/><\/a><\/div>\n\n<div class=\"carousel-slider__item\">\n\t<img loading=\"lazy\" decoding=\"async\" width=\"1600\" height=\"1589\" src=\"https:\/\/www.lainter.edu.mx\/egresados\/wp-content\/uploads\/2025\/07\/WhatsApp-Image-2025-05-19-at-2.02.31-PM.jpeg\" class=\"attachment-2048x2048 size-2048x2048\" alt=\"\" srcset=\"https:\/\/www.lainter.edu.mx\/egresados\/wp-content\/uploads\/2025\/07\/WhatsApp-Image-2025-05-19-at-2.02.31-PM.jpeg 1600w, https:\/\/www.lainter.edu.mx\/egresados\/wp-content\/uploads\/2025\/07\/WhatsApp-Image-2025-05-19-at-2.02.31-PM-300x298.jpeg 300w, https:\/\/www.lainter.edu.mx\/egresados\/wp-content\/uploads\/2025\/07\/WhatsApp-Image-2025-05-19-at-2.02.31-PM-1024x1017.jpeg 1024w, https:\/\/www.lainter.edu.mx\/egresados\/wp-content\/uploads\/2025\/07\/WhatsApp-Image-2025-05-19-at-2.02.31-PM-150x150.jpeg 150w, https:\/\/www.lainter.edu.mx\/egresados\/wp-content\/uploads\/2025\/07\/WhatsApp-Image-2025-05-19-at-2.02.31-PM-768x763.jpeg 768w, https:\/\/www.lainter.edu.mx\/egresados\/wp-content\/uploads\/2025\/07\/WhatsApp-Image-2025-05-19-at-2.02.31-PM-1536x1525.jpeg 1536w\" sizes=\"auto, (max-width: 1600px) 100vw, 1600px\" \/><\/a><\/div>\n\n<div class=\"carousel-slider__item\">\n\t<img loading=\"lazy\" decoding=\"async\" width=\"1080\" height=\"1080\" src=\"https:\/\/www.lainter.edu.mx\/egresados\/wp-content\/uploads\/2025\/07\/exalumno-inter-junio.png\" class=\"attachment-2048x2048 size-2048x2048\" alt=\"\" srcset=\"https:\/\/www.lainter.edu.mx\/egresados\/wp-content\/uploads\/2025\/07\/exalumno-inter-junio.png 1080w, https:\/\/www.lainter.edu.mx\/egresados\/wp-content\/uploads\/2025\/07\/exalumno-inter-junio-300x300.png 300w, https:\/\/www.lainter.edu.mx\/egresados\/wp-content\/uploads\/2025\/07\/exalumno-inter-junio-1024x1024.png 1024w, https:\/\/www.lainter.edu.mx\/egresados\/wp-content\/uploads\/2025\/07\/exalumno-inter-junio-150x150.png 150w, https:\/\/www.lainter.edu.mx\/egresados\/wp-content\/uploads\/2025\/07\/exalumno-inter-junio-768x768.png 768w\" sizes=\"auto, (max-width: 1080px) 100vw, 1080px\" \/><\/a><\/div>\n\n<div class=\"carousel-slider__item\">\n\t<img loading=\"lazy\" decoding=\"async\" width=\"1080\" height=\"1080\" src=\"https:\/\/www.lainter.edu.mx\/egresados\/wp-content\/uploads\/2025\/07\/exalumno-inter-julio2025.png\" class=\"attachment-2048x2048 size-2048x2048\" alt=\"\" srcset=\"https:\/\/www.lainter.edu.mx\/egresados\/wp-content\/uploads\/2025\/07\/exalumno-inter-julio2025.png 1080w, https:\/\/www.lainter.edu.mx\/egresados\/wp-content\/uploads\/2025\/07\/exalumno-inter-julio2025-300x300.png 300w, https:\/\/www.lainter.edu.mx\/egresados\/wp-content\/uploads\/2025\/07\/exalumno-inter-julio2025-1024x1024.png 1024w, https:\/\/www.lainter.edu.mx\/egresados\/wp-content\/uploads\/2025\/07\/exalumno-inter-julio2025-150x150.png 150w, https:\/\/www.lainter.edu.mx\/egresados\/wp-content\/uploads\/2025\/07\/exalumno-inter-julio2025-768x768.png 768w\" sizes=\"auto, (max-width: 1080px) 100vw, 1080px\" \/><\/a><\/div>\n\n<\/div><!-- .carousel-slider-320 -->\n<\/div><!-- .carousel-slider-outer-320 -->\n<\/div>\n<\/div>\n<\/div>\n<\/div>\n<\/div>\n<\/div>\n<\/div>\n<\/div>\n\n\n\n<div class=\"wp-block-group has-global-padding is-layout-constrained wp-block-group-is-layout-constrained\">\n<div class=\"wp-block-columns is-layout-flex wp-container-core-columns-is-layout-28f84493 wp-block-columns-is-layout-flex\">\n<div class=\"wp-block-column is-layout-flow wp-block-column-is-layout-flow\" style=\"flex-basis:100%\">\n<div class=\"wp-block-group has-global-padding is-layout-constrained wp-block-group-is-layout-constrained\">\n<div class=\"wp-block-columns is-layout-flex wp-container-core-columns-is-layout-28f84493 wp-block-columns-is-layout-flex\">\n<div class=\"wp-block-column is-layout-flow wp-block-column-is-layout-flow\" style=\"flex-basis:100%\"><\/div>\n<\/div>\n<\/div>\n<\/div>\n<\/div>\n<\/div>\n\n\n\n<hr class=\"wp-block-separator has-alpha-channel-opacity\"\/>\n\n\n\n<div class=\"wp-block-columns is-layout-flex wp-container-core-columns-is-layout-28f84493 wp-block-columns-is-layout-flex\">\n<div class=\"wp-block-column is-layout-flow wp-block-column-is-layout-flow\" style=\"flex-basis:66.66%\">\n<div class=\"wp-block-columns is-layout-flex wp-container-core-columns-is-layout-28f84493 wp-block-columns-is-layout-flex\">\n<div class=\"wp-block-column is-layout-flow wp-block-column-is-layout-flow\"><\/div>\n<\/div>\n<\/div>\n\n\n\n<div class=\"wp-block-column is-layout-flow wp-block-column-is-layout-flow\" style=\"flex-basis:33.33%\"><\/div>\n<\/div>\n\n\n\n<p><\/p>\n","protected":false},"excerpt":{"rendered":"<p>SEGUIMIENTO A EGRESADOS Para la Universidad Interamericana el Seguimiento de Egresados constituye una estrategia t\u00e1ctica que permite vincularse m\u00e1s estrechamente con la sociedad del Estado de Puebla permitiendo con esto que se puedan promover los planes de estudio que la Instituci\u00f3n oferta, analizar la informaci\u00f3n de los requerimientos laborales para mejorar los perfiles de egreso [&hellip;]<\/p>\n","protected":false},"author":1,"featured_media":0,"parent":0,"menu_order":0,"comment_status":"closed","ping_status":"closed","template":"","meta":{"footnotes":""},"class_list":["post-13","page","type-page","status-publish","hentry"],"_links":{"self":[{"href":"https:\/\/www.lainter.edu.mx\/egresados\/wp-json\/wp\/v2\/pages\/13","targetHints":{"allow":["GET"]}}],"collection":[{"href":"https:\/\/www.lainter.edu.mx\/egresados\/wp-json\/wp\/v2\/pages"}],"about":[{"href":"https:\/\/www.lainter.edu.mx\/egresados\/wp-json\/wp\/v2\/types\/page"}],"author":[{"embeddable":true,"href":"https:\/\/www.lainter.edu.mx\/egresados\/wp-json\/wp\/v2\/users\/1"}],"replies":[{"embeddable":true,"href":"https:\/\/www.lainter.edu.mx\/egresados\/wp-json\/wp\/v2\/comments?post=13"}],"version-history":[{"count":51,"href":"https:\/\/www.lainter.edu.mx\/egresados\/wp-json\/wp\/v2\/pages\/13\/revisions"}],"predecessor-version":[{"id":1089,"href":"https:\/\/www.lainter.edu.mx\/egresados\/wp-json\/wp\/v2\/pages\/13\/revisions\/1089"}],"wp:attachment":[{"href":"https:\/\/www.lainter.edu.mx\/egresados\/wp-json\/wp\/v2\/media?parent=13"}],"curies":[{"name":"wp","href":"https:\/\/api.w.org\/{rel}","templated":true}]}}